


{"id":1796,"date":"2024-09-23T16:49:09","date_gmt":"2024-09-23T14:49:09","guid":{"rendered":"https:\/\/pepr-cloud.fr\/fr\/?page_id=1796"},"modified":"2026-03-03T14:31:21","modified_gmt":"2026-03-03T13:31:21","slug":"le-pepr-v2","status":"publish","type":"page","link":"https:\/\/pepr-cloud.fr\/fr\/le-pepr\/","title":{"rendered":"Le PEPR"},"content":{"rendered":"<div class=\"wp-block-cover  banner banner-medium animate__animated animate__fadeInDown\"><img loading=\"lazy\" decoding=\"async\" width=\"3334\" height=\"1110\" class=\"wp-block-cover__image-background wp-image-2927\" alt=\"\" src=\"https:\/\/pepr-cloud.fr\/files\/2024\/10\/Banniere-PEPR-Cloud-FR.png\" data-object-fit=\"cover\" srcset=\"https:\/\/pepr-cloud.fr\/files\/2024\/10\/Banniere-PEPR-Cloud-FR.png 3334w, https:\/\/pepr-cloud.fr\/files\/2024\/10\/Banniere-PEPR-Cloud-FR-300x100.png 300w, https:\/\/pepr-cloud.fr\/files\/2024\/10\/Banniere-PEPR-Cloud-FR-1024x341.png 1024w, https:\/\/pepr-cloud.fr\/files\/2024\/10\/Banniere-PEPR-Cloud-FR-768x256.png 768w, https:\/\/pepr-cloud.fr\/files\/2024\/10\/Banniere-PEPR-Cloud-FR-1536x511.png 1536w, https:\/\/pepr-cloud.fr\/files\/2024\/10\/Banniere-PEPR-Cloud-FR-2048x682.png 2048w, https:\/\/pepr-cloud.fr\/files\/2024\/10\/Banniere-PEPR-Cloud-FR-150x50.png 150w\" sizes=\"auto, (max-width: 3334px) 100vw, 3334px\" \/><span aria-hidden=\"true\" class=\"wp-block-cover__background has-background-dim-0 has-background-dim\"><\/span><div class=\"wp-block-cover__inner-container is-layout-flow wp-block-cover-is-layout-flow\">\n<div class=\"wp-block-group\"><div class=\"wp-block-group__inner-container is-layout-flow wp-block-group-is-layout-flow\">\n<h2 class=\"wp-block-heading has-text-align-center\" style=\"font-size:50px;font-style:normal;font-weight:700\"><\/h2>\n<\/div><\/div>\n<\/div><\/div>\n\n\n\n<div style=\"height:70px\" aria-hidden=\"true\" class=\"wp-block-spacer\"><\/div>\n\n\n\n<p>Dans le cadre de la strat\u00e9gie nationale d\u2019acc\u00e9l\u00e9ration lanc\u00e9e par le gouvernement, le CEA et Inria, se sont vus confier en 2023 le pilotage du PEPR Cloud. Financ\u00e9 par France 2030 \u00e0 hauteur de 51 millions d&rsquo;euros sur 7 ans, ce PEPR a pour objectif de poursuivre et d\u2019intensifier l\u2019effort de la recherche fran\u00e7aise autour du Cloud, mais aussi de faciliter le transfert des innovations et solutions issues de la recherche vers l\u2019industrie et les principales communaut\u00e9s<em> open source.<\/em><\/p>\n\n\n\n<div style=\"height:30px\" aria-hidden=\"true\" class=\"wp-block-spacer\"><\/div>\n\n\n\n<div class=\"wp-block-columns is-layout-flex wp-container-core-columns-is-layout-9d6595d7 wp-block-columns-is-layout-flex\">\n<div class=\"wp-block-column animate__animated animate__fadeIn is-layout-flow wp-block-column-is-layout-flow\" style=\"flex-basis:33.33%\">\n<h3 class=\"wp-block-heading has-text-align-left has-text-color has-large-font-size\" style=\"color:#223cb0;font-style:normal;font-weight:400\">L\u2019\u00c9tat a charg\u00e9 le CEA et Inria de la direction scientifique du PEPR Cloud, avec l\u2019ANR comme op\u00e9rateur<\/h3>\n\n\n\n<div style=\"height:50px\" aria-hidden=\"true\" class=\"wp-block-spacer\"><\/div>\n\n\n\n<div class=\"wp-block-buttons is-layout-flex wp-block-buttons-is-layout-flex\">\n<div class=\"wp-block-button is-style-fill\"><a class=\"wp-block-button__link has-background has-medium-font-size has-custom-font-size wp-element-button\" href=\"https:\/\/pepr-cloud.fr\/files\/2026\/01\/Brochure-PEPR-Cloud.pdf\" style=\"border-radius:2px;background-color:#223cb0\"><strong>Pr\u00e9sentation du PEPR Cloud<\/strong><\/a><\/div>\n<\/div>\n<\/div>\n\n\n\n<div class=\"wp-block-column is-layout-flow wp-block-column-is-layout-flow\" style=\"flex-basis:66.66%\">\n<p class=\"has-text-align-left\">Ce programme, avec ses huit projets ambitieux, est un levier cl\u00e9 de la strat\u00e9gie nationale d\u2019acc\u00e9l\u00e9ration Cloud et vise \u00e0 relever les d\u00e9fis scientifiques et technologiques li\u00e9s notamment \u00e0 la performance, la s\u00e9curit\u00e9 et la frugalit\u00e9 dans un objectif de souverainet\u00e9 num\u00e9rique. Ces huit projets, dont sept qui ont d\u00e9marr\u00e9 fin 2023 et un autre qui sera lanc\u00e9 par un appel \u00e0 projets courant 2024, constituent les <strong>trois axes de travail majeurs pour accompagner l\u2019\u00e9volution des besoins&nbsp;:<\/strong><\/p>\n\n\n\n<ul class=\"wp-block-list\">\n<li>Le <em>\u00ab&nbsp;<\/em><strong>Edge Computing<\/strong>&nbsp;\u00bb ou <strong>\u00ab&nbsp;continuum num\u00e9rique&nbsp;\u00bb,<\/strong> consistant \u00e0 maintenir un continuum entre les <em>Cloud <em>et les objets connect\u00e9s (IoT) via le d\u00e9ploiement<\/em>,<\/em> de petits centres de donn\u00e9es en p\u00e9riph\u00e9rie du r\u00e9seau, permettant ainsi un traitement des donn\u00e9es plus rapide et efficace. Un tel changement est n\u00e9cessaire pour r\u00e9pondre aux besoins des applications futures comme les villes intelligentes, l\u2019industrie du futur, ou encore les v\u00e9hicules autonomes.<\/li>\n<\/ul>\n\n\n\n<ul class=\"wp-block-list\">\n<li><strong><strong>La s\u00e9curit\u00e9<\/strong> <\/strong>et les m\u00e9canismes classiques doivent \u00eatre adapt\u00e9s pour prendre en compte l&rsquo;augmentation de la surface d&rsquo;attaques due au continuum Cloud-Edge-IoT. Cela se traduit par un plus grand volume de donn\u00e9es, un nombre accru de centres de donn\u00e9es h\u00e9t\u00e9rog\u00e8nes, une multiplication des appareils connect\u00e9s, une mobilit\u00e9 accrue des utilisateurs et des ressources, ainsi qu&rsquo;une diversit\u00e9 des r\u00e9seaux d&rsquo;acc\u00e8s.<\/li>\n<\/ul>\n\n\n\n<ul class=\"wp-block-list\">\n<li>Du c\u00f4t\u00e9 de <strong>l\u2019\u00e9nergie<\/strong>, les infrastructures Edge offrent plus d\u2019opportunit\u00e9s et de leviers d\u2019action que les grandes infrastructures centralis\u00e9es, comme l\u2019utilisation d\u2019\u00e9nergies renouvelables, la r\u00e9utilisation de l\u2019\u00e9nergie dissip\u00e9e par le refroidissement, et la r\u00e9duction des mouvements de donn\u00e9es. De plus, il est pr\u00e9vu de traiter plusieurs questions li\u00e9es \u00e0 la prise en compte et \u00e0 l\u2019optimisation de l\u2019empreinte \u00e9nerg\u00e9tique de chaque application.<\/li>\n<\/ul>\n<\/div>\n<\/div>\n\n\n\n<p class=\"has-text-color has-large-font-size\" style=\"color:#223cb0\">&#8212;&#8211; <strong>Objectifs <\/strong>du PEPR Cloud<\/p>\n\n\n\n<p>Supervis\u00e9 par des comit\u00e9s strat\u00e9giques, scientifiques et de gestion, le programme se concentre sur la collaboration scientifique et l&rsquo;innovation technologique. Il vise \u00e0 soutenir les universit\u00e9s et les organismes de recherche dans des activit\u00e9s de recherche \u00e0 destination des fili\u00e8res strat\u00e9giques. L&rsquo;objectif est d\u2019aider les principaux acteurs \u00e0 relever les d\u00e9fis \u00e9cologiques et \u00e0 renforcer leur comp\u00e9titivit\u00e9, de permettre l\u2019\u00e9mergence des futurs leaders dans ces domaines d&rsquo;excellence.<\/p>\n\n\n\n<div style=\"height:50px\" aria-hidden=\"true\" class=\"wp-block-spacer\"><\/div>\n\n\n\n<div class=\"wp-block-cover is-light banner banner-medium animate__animated animation-on-viewport viewport:fadeInLeft\"><span aria-hidden=\"true\" class=\"wp-block-cover__background has-background-dim-100 has-background-dim has-background-gradient has-midnight-gradient-background\"><\/span><div class=\"wp-block-cover__inner-container is-layout-flow wp-block-cover-is-layout-flow\">\n<div style=\"height:40px\" aria-hidden=\"true\" class=\"wp-block-spacer\"><\/div>\n\n\n\n<div class=\"wp-block-group animate__animated animation-on-viewport viewport:fadeInRight animate__delay-short\"><div class=\"wp-block-group__inner-container is-layout-flow wp-block-group-is-layout-flow\">\n<p class=\"has-white-color has-text-color has-large-font-size\">&#8212; <strong>Projets <\/strong>du PEPR Cloud<\/p>\n\n\n\n<p class=\"has-white-color has-text-color\">Le programme est structur\u00e9 autour de <strong>sept projets prioritaires<\/strong> et d\u2019<strong>un projet d\u2019infrastructure <\/strong>d\u00e9di\u00e9e \u00e0 des activit\u00e9s de recherche. Ils seront compl\u00e9t\u00e9s par d\u2019autres projets issus d\u2019un <strong>appel \u00e0 projets<\/strong> pr\u00e9vu pour d\u00e9but 2025 sur des cas d\u2019utilisations (intelligence artificielle et IoT, calcul sur le continuum Cloud-IoT, etc.) et de leurs impacts sur l\u2019algorithmique distribu\u00e9e pour les Cloud de prochaines g\u00e9n\u00e9rations.<\/p>\n\n\n\n<p class=\"has-white-color has-text-color\">Cinq d\u2019entre eux concernent les couches logicielles n\u00e9cessaires au d\u00e9ploiement des <em>Cloud<\/em> distribu\u00e9s de demain, et deux s\u2019int\u00e9ressent aux aspects transverses autour de la s\u00e9curit\u00e9 des infrastructures et de la ma\u00eetrise de leur consommation \u00e9nerg\u00e9tique.&nbsp;<\/p>\n\n\n\n<p class=\"has-white-color has-text-color\">Un appel \u00e0 projet construit autour de deux axes&nbsp;<\/p>\n\n\n\n<ul class=\"wp-block-list has-white-color has-text-color\">\n<li>des travaux algorithmiques permettant d\u2019optimiser certains crit\u00e8res de performance et de fiabilit\u00e9 des piles logicielles d\u00e9velopp\u00e9es<\/li>\n\n\n\n<li>des travaux sur l\u2019impact de diff\u00e9rents domaines d\u2019applications sur la conception m\u00eame de ces piles logicielles<\/li>\n<\/ul>\n\n\n\n<p class=\"has-white-color has-text-color\">Enfin, le programme pr\u00e9voit un banc d\u2019essai sous forme d\u2019une infrastructure exp\u00e9rimentale distribu\u00e9e.<\/p>\n\n\n\n<p class=\"has-white-color has-text-color\">L\u2019Infrastructure de Recherche SLICES-FR permet en effet d\u2019exp\u00e9rimenter une toute nouvelle approche logicielle et\/ou mat\u00e9rielle sur l\u2019ensemble du continuum IoT\/r\u00e9seaux\/edge\/cloud, offrant une vision holistique de la cha\u00eene de la donn\u00e9e, de sa captation \u00e0 son traitement.<\/p>\n\n\n\n<p class=\"has-white-color has-text-color\">SLICES-FR propose des services de configuration, de programmation et de mesures sur une large gamme d\u2019\u00e9quipements h\u00e9t\u00e9rog\u00e8nes via des acc\u00e8s uniques. Ces \u00e9quipements et services couvrent les protocoles r\u00e9seaux, les technologies radio, l\u2019Internet des Objets, la collecte de donn\u00e9es, le calcul parall\u00e8le et distribu\u00e9, ainsi que l\u2019edge et le cloud computing, pour une recherche reproductible et responsable.<\/p>\n\n\n\n<div style=\"height:40px\" aria-hidden=\"true\" class=\"wp-block-spacer\"><\/div>\n\n\n\n<p><a id=\"_msocom_1\"><\/a><\/p>\n<\/div><\/div>\n<\/div><\/div>\n\n\n\n<div style=\"height:50px\" aria-hidden=\"true\" class=\"wp-block-spacer\"><\/div>\n\n\n\n<p class=\"has-text-color has-large-font-size\" style=\"color:#223cb0\">&#8212;&#8211; <strong>Ecosyst\u00e8me <\/strong>du PEPR Cloud<\/p>\n\n\n\n<p>Le <a href=\"https:\/\/www.cea.fr\/\" data-type=\"URL\" data-id=\"https:\/\/www.cea.fr\/\">CEA<\/a> et <a href=\"https:\/\/inria.fr\/fr\" data-type=\"URL\" data-id=\"https:\/\/inria.fr\/fr\">Inria<\/a> mobiliseront les forces de la recherche fran\u00e7aise en concertation avec tous les acteurs concern\u00e9s. Le pilotage scientifique de ce programme sera r\u00e9alis\u00e9 en liaison \u00e9troite avec la communaut\u00e9 nationale de recherche publique et priv\u00e9e et op\u00e9r\u00e9e par l\u2019Agence Nationale de recherche (ANR). <\/p>\n\n\n\n<p>Leur objectif est de contribuer, par la recherche et l&rsquo;innovation, au d\u00e9veloppement de technologies Cloud s\u00e9curis\u00e9es et souveraines. Ces technologies constituent une base essentielle pour toutes les industries utilisant le num\u00e9rique. Elles sont \u00e9galement cruciales pour assurer la souverainet\u00e9 \u00e9conomique et industrielle. <\/p>\n\n\n\n<div style=\"height:70px\" aria-hidden=\"true\" class=\"wp-block-spacer\"><\/div>\n\n\n\n<div class=\"wp-block-columns animate__animated animation-on-viewport viewport:fadeIn is-layout-flex wp-container-core-columns-is-layout-9d6595d7 wp-block-columns-is-layout-flex\">\n<div class=\"wp-block-column is-layout-flow wp-block-column-is-layout-flow\">\n<div class=\"wp-block-columns is-layout-flex wp-container-core-columns-is-layout-9d6595d7 wp-block-columns-is-layout-flex\">\n<div class=\"wp-block-column is-layout-flow wp-block-column-is-layout-flow\"><div class=\"wp-block-image is-style-default\">\n<figure class=\"aligncenter size-large\"><a href=\"https:\/\/www.univ-amu.fr\/\"><img loading=\"lazy\" decoding=\"async\" width=\"1024\" height=\"351\" src=\"https:\/\/pepr-cloud.fr\/files\/2024\/07\/Aix-Marseille_universite_logo-1024x351.png\" alt=\"\" class=\"wp-image-1159\" srcset=\"https:\/\/pepr-cloud.fr\/files\/2024\/07\/Aix-Marseille_universite_logo-1024x351.png 1024w, https:\/\/pepr-cloud.fr\/files\/2024\/07\/Aix-Marseille_universite_logo-300x103.png 300w, https:\/\/pepr-cloud.fr\/files\/2024\/07\/Aix-Marseille_universite_logo-768x263.png 768w, https:\/\/pepr-cloud.fr\/files\/2024\/07\/Aix-Marseille_universite_logo-150x51.png 150w, https:\/\/pepr-cloud.fr\/files\/2024\/07\/Aix-Marseille_universite_logo.png 1200w\" sizes=\"auto, (max-width: 1024px) 100vw, 1024px\" \/><\/a><\/figure><\/div><\/div>\n\n\n\n<div class=\"wp-block-column is-layout-flow wp-block-column-is-layout-flow\"><div class=\"wp-block-image is-style-default\">\n<figure class=\"aligncenter size-large\"><a href=\"https:\/\/centralelille.fr\/\"><img loading=\"lazy\" decoding=\"async\" width=\"1024\" height=\"335\" src=\"https:\/\/pepr-cloud.fr\/files\/2024\/07\/centralelille_rvb_300sm-1024x335.png\" alt=\"\" class=\"wp-image-1162\" srcset=\"https:\/\/pepr-cloud.fr\/files\/2024\/07\/centralelille_rvb_300sm-1024x335.png 1024w, https:\/\/pepr-cloud.fr\/files\/2024\/07\/centralelille_rvb_300sm-300x98.png 300w, https:\/\/pepr-cloud.fr\/files\/2024\/07\/centralelille_rvb_300sm-768x251.png 768w, https:\/\/pepr-cloud.fr\/files\/2024\/07\/centralelille_rvb_300sm-1536x503.png 1536w, https:\/\/pepr-cloud.fr\/files\/2024\/07\/centralelille_rvb_300sm-150x49.png 150w, https:\/\/pepr-cloud.fr\/files\/2024\/07\/centralelille_rvb_300sm.png 1571w\" sizes=\"auto, (max-width: 1024px) 100vw, 1024px\" \/><\/a><\/figure><\/div><\/div>\n\n\n\n<div class=\"wp-block-column is-layout-flow wp-block-column-is-layout-flow\"><div class=\"wp-block-image is-style-default\">\n<figure class=\"aligncenter size-large\"><a href=\"https:\/\/www.centrale-mediterranee.fr\/fr\"><img loading=\"lazy\" decoding=\"async\" width=\"1024\" height=\"180\" src=\"https:\/\/pepr-cloud.fr\/files\/2024\/07\/Ecole_Centrale_Marseille.svg_-1024x180.png\" alt=\"\" class=\"wp-image-1165\" srcset=\"https:\/\/pepr-cloud.fr\/files\/2024\/07\/Ecole_Centrale_Marseille.svg_-1024x180.png 1024w, https:\/\/pepr-cloud.fr\/files\/2024\/07\/Ecole_Centrale_Marseille.svg_-300x53.png 300w, https:\/\/pepr-cloud.fr\/files\/2024\/07\/Ecole_Centrale_Marseille.svg_-768x135.png 768w, https:\/\/pepr-cloud.fr\/files\/2024\/07\/Ecole_Centrale_Marseille.svg_-150x26.png 150w, https:\/\/pepr-cloud.fr\/files\/2024\/07\/Ecole_Centrale_Marseille.svg_.png 1280w\" sizes=\"auto, (max-width: 1024px) 100vw, 1024px\" \/><\/a><\/figure><\/div><\/div>\n<\/div>\n<\/div>\n\n\n\n<div class=\"wp-block-column is-layout-flow wp-block-column-is-layout-flow\">\n<div class=\"wp-block-columns is-layout-flex wp-container-core-columns-is-layout-9d6595d7 wp-block-columns-is-layout-flex\">\n<div class=\"wp-block-column is-layout-flow wp-block-column-is-layout-flow\"><div class=\"wp-block-image is-style-default\">\n<figure class=\"aligncenter size-large\"><a href=\"https:\/\/www.ec-nantes.fr\/\"><img loading=\"lazy\" decoding=\"async\" width=\"1024\" height=\"641\" src=\"https:\/\/pepr-cloud.fr\/files\/2024\/07\/ECN.svg_-1024x641.png\" alt=\"\" class=\"wp-image-1169\" srcset=\"https:\/\/pepr-cloud.fr\/files\/2024\/07\/ECN.svg_-1024x641.png 1024w, https:\/\/pepr-cloud.fr\/files\/2024\/07\/ECN.svg_-300x188.png 300w, https:\/\/pepr-cloud.fr\/files\/2024\/07\/ECN.svg_-768x480.png 768w, https:\/\/pepr-cloud.fr\/files\/2024\/07\/ECN.svg_-1536x961.png 1536w, https:\/\/pepr-cloud.fr\/files\/2024\/07\/ECN.svg_-150x94.png 150w, https:\/\/pepr-cloud.fr\/files\/2024\/07\/ECN.svg_.png 1920w\" sizes=\"auto, (max-width: 1024px) 100vw, 1024px\" \/><\/a><\/figure><\/div><\/div>\n\n\n\n<div class=\"wp-block-column is-layout-flow wp-block-column-is-layout-flow\"><div class=\"wp-block-image is-style-default\">\n<figure class=\"aligncenter size-full is-resized\"><a href=\"https:\/\/www.cnrs.fr\/fr\"><img decoding=\"async\" src=\"https:\/\/pepr-cloud.fr\/files\/2024\/07\/images.jpg\" alt=\"\" class=\"wp-image-853\" style=\"width:113px;height:113px\"\/><\/a><\/figure><\/div><\/div>\n\n\n\n<div class=\"wp-block-column is-layout-flow wp-block-column-is-layout-flow\"><div class=\"wp-block-image is-style-default\">\n<figure class=\"aligncenter size-full\"><a href=\"https:\/\/www.ec-lyon.fr\/\"><img loading=\"lazy\" decoding=\"async\" width=\"1000\" height=\"288\" src=\"https:\/\/pepr-cloud.fr\/files\/2024\/07\/ecl_rectangle_quadri_print.jpg\" alt=\"\" class=\"wp-image-1171\" srcset=\"https:\/\/pepr-cloud.fr\/files\/2024\/07\/ecl_rectangle_quadri_print.jpg 1000w, https:\/\/pepr-cloud.fr\/files\/2024\/07\/ecl_rectangle_quadri_print-300x86.jpg 300w, https:\/\/pepr-cloud.fr\/files\/2024\/07\/ecl_rectangle_quadri_print-768x221.jpg 768w, https:\/\/pepr-cloud.fr\/files\/2024\/07\/ecl_rectangle_quadri_print-150x43.jpg 150w\" sizes=\"auto, (max-width: 1000px) 100vw, 1000px\" \/><\/a><\/figure><\/div><\/div>\n<\/div>\n<\/div>\n<\/div>\n\n\n\n<div class=\"wp-block-columns animate__animated animation-on-viewport viewport:fadeIn is-layout-flex wp-container-core-columns-is-layout-9d6595d7 wp-block-columns-is-layout-flex\">\n<div class=\"wp-block-column is-layout-flow wp-block-column-is-layout-flow\">\n<div class=\"wp-block-columns is-layout-flex wp-container-core-columns-is-layout-9d6595d7 wp-block-columns-is-layout-flex\">\n<div class=\"wp-block-column is-layout-flow wp-block-column-is-layout-flow\"><div class=\"wp-block-image is-style-default\">\n<figure class=\"aligncenter size-full\"><a href=\"https:\/\/www.ens-lyon.fr\/\"><img loading=\"lazy\" decoding=\"async\" width=\"250\" height=\"150\" src=\"https:\/\/pepr-cloud.fr\/files\/2024\/07\/ENS-lyon.jpg\" alt=\"\" class=\"wp-image-1175\" srcset=\"https:\/\/pepr-cloud.fr\/files\/2024\/07\/ENS-lyon.jpg 250w, https:\/\/pepr-cloud.fr\/files\/2024\/07\/ENS-lyon-150x90.jpg 150w\" sizes=\"auto, (max-width: 250px) 100vw, 250px\" \/><\/a><\/figure><\/div><\/div>\n\n\n\n<div class=\"wp-block-column is-layout-flow wp-block-column-is-layout-flow\"><div class=\"wp-block-image is-style-default\">\n<figure class=\"aligncenter size-large\"><a href=\"https:\/\/ens-paris-saclay.fr\/\"><img loading=\"lazy\" decoding=\"async\" width=\"1024\" height=\"642\" src=\"https:\/\/pepr-cloud.fr\/files\/2024\/07\/ens-paris-1024x642.jpg\" alt=\"\" class=\"wp-image-1179\" srcset=\"https:\/\/pepr-cloud.fr\/files\/2024\/07\/ens-paris-1024x642.jpg 1024w, https:\/\/pepr-cloud.fr\/files\/2024\/07\/ens-paris-300x188.jpg 300w, https:\/\/pepr-cloud.fr\/files\/2024\/07\/ens-paris-768x482.jpg 768w, https:\/\/pepr-cloud.fr\/files\/2024\/07\/ens-paris-150x94.jpg 150w, https:\/\/pepr-cloud.fr\/files\/2024\/07\/ens-paris.jpg 1280w\" sizes=\"auto, (max-width: 1024px) 100vw, 1024px\" \/><\/a><\/figure><\/div><\/div>\n\n\n\n<div class=\"wp-block-column is-layout-flow wp-block-column-is-layout-flow\"><div class=\"wp-block-image is-style-default\">\n<figure class=\"aligncenter size-full\"><a href=\"https:\/\/www.ens-rennes.fr\/\"><img loading=\"lazy\" decoding=\"async\" width=\"621\" height=\"231\" src=\"https:\/\/pepr-cloud.fr\/files\/2024\/07\/ENS_Rennes-deploye_bleu.png\" alt=\"\" class=\"wp-image-1181\" srcset=\"https:\/\/pepr-cloud.fr\/files\/2024\/07\/ENS_Rennes-deploye_bleu.png 621w, https:\/\/pepr-cloud.fr\/files\/2024\/07\/ENS_Rennes-deploye_bleu-300x112.png 300w, https:\/\/pepr-cloud.fr\/files\/2024\/07\/ENS_Rennes-deploye_bleu-150x56.png 150w\" sizes=\"auto, (max-width: 621px) 100vw, 621px\" \/><\/a><\/figure><\/div><\/div>\n<\/div>\n<\/div>\n\n\n\n<div class=\"wp-block-column is-layout-flow wp-block-column-is-layout-flow\">\n<div class=\"wp-block-columns is-layout-flex wp-container-core-columns-is-layout-9d6595d7 wp-block-columns-is-layout-flex\">\n<div class=\"wp-block-column is-layout-flow wp-block-column-is-layout-flow\"><div class=\"wp-block-image is-style-default\">\n<figure class=\"aligncenter size-large\"><a href=\"https:\/\/www.imt-atlantique.fr\/fr\"><img loading=\"lazy\" decoding=\"async\" width=\"1024\" height=\"552\" src=\"https:\/\/pepr-cloud.fr\/files\/2024\/07\/IMT_MinesAlbi_Logo_RVB_Baseline-1024x552.png\" alt=\"\" class=\"wp-image-899\" srcset=\"https:\/\/pepr-cloud.fr\/files\/2024\/07\/IMT_MinesAlbi_Logo_RVB_Baseline-1024x552.png 1024w, https:\/\/pepr-cloud.fr\/files\/2024\/07\/IMT_MinesAlbi_Logo_RVB_Baseline-300x162.png 300w, https:\/\/pepr-cloud.fr\/files\/2024\/07\/IMT_MinesAlbi_Logo_RVB_Baseline-768x414.png 768w, https:\/\/pepr-cloud.fr\/files\/2024\/07\/IMT_MinesAlbi_Logo_RVB_Baseline-1536x827.png 1536w, https:\/\/pepr-cloud.fr\/files\/2024\/07\/IMT_MinesAlbi_Logo_RVB_Baseline-2048x1103.png 2048w, https:\/\/pepr-cloud.fr\/files\/2024\/07\/IMT_MinesAlbi_Logo_RVB_Baseline-150x81.png 150w\" sizes=\"auto, (max-width: 1024px) 100vw, 1024px\" \/><\/a><\/figure><\/div><\/div>\n\n\n\n<div class=\"wp-block-column is-layout-flow wp-block-column-is-layout-flow\"><div class=\"wp-block-image is-style-default\">\n<figure class=\"aligncenter size-medium is-resized\"><a href=\"https:\/\/www.bordeaux-inp.fr\/fr\"><img loading=\"lazy\" decoding=\"async\" width=\"300\" height=\"178\" src=\"https:\/\/pepr-cloud.fr\/files\/2024\/07\/inp-Bordeaux_2022.svg_-300x178.png\" alt=\"\" class=\"wp-image-1185\" style=\"width:150px;height:89px\" srcset=\"https:\/\/pepr-cloud.fr\/files\/2024\/07\/inp-Bordeaux_2022.svg_-300x178.png 300w, https:\/\/pepr-cloud.fr\/files\/2024\/07\/inp-Bordeaux_2022.svg_-1024x607.png 1024w, https:\/\/pepr-cloud.fr\/files\/2024\/07\/inp-Bordeaux_2022.svg_-768x456.png 768w, https:\/\/pepr-cloud.fr\/files\/2024\/07\/inp-Bordeaux_2022.svg_-1536x911.png 1536w, https:\/\/pepr-cloud.fr\/files\/2024\/07\/inp-Bordeaux_2022.svg_-150x89.png 150w, https:\/\/pepr-cloud.fr\/files\/2024\/07\/inp-Bordeaux_2022.svg_.png 1920w\" sizes=\"auto, (max-width: 300px) 100vw, 300px\" \/><\/a><\/figure><\/div><\/div>\n\n\n\n<div class=\"wp-block-column is-layout-flow wp-block-column-is-layout-flow\"><div class=\"wp-block-image is-style-default\">\n<figure class=\"aligncenter size-full is-resized\"><a href=\"https:\/\/www.grenoble-inp.fr\/\"><img loading=\"lazy\" decoding=\"async\" width=\"253\" height=\"199\" src=\"https:\/\/pepr-cloud.fr\/files\/2024\/07\/Logo-Ginp.png\" alt=\"\" class=\"wp-image-860\" style=\"width:127px;height:100px\" srcset=\"https:\/\/pepr-cloud.fr\/files\/2024\/07\/Logo-Ginp.png 253w, https:\/\/pepr-cloud.fr\/files\/2024\/07\/Logo-Ginp-150x118.png 150w\" sizes=\"auto, (max-width: 253px) 100vw, 253px\" \/><\/a><\/figure><\/div><\/div>\n<\/div>\n<\/div>\n<\/div>\n\n\n\n<div class=\"wp-block-columns animate__animated animation-on-viewport viewport:fadeIn is-layout-flex wp-container-core-columns-is-layout-9d6595d7 wp-block-columns-is-layout-flex\">\n<div class=\"wp-block-column is-layout-flow wp-block-column-is-layout-flow\">\n<div class=\"wp-block-columns is-layout-flex wp-container-core-columns-is-layout-9d6595d7 wp-block-columns-is-layout-flex\">\n<div class=\"wp-block-column is-layout-flow wp-block-column-is-layout-flow\"><div class=\"wp-block-image is-style-default\">\n<figure class=\"aligncenter size-medium is-resized\"><a href=\"https:\/\/www.inp-toulouse.fr\/fr\/index.html\"><img loading=\"lazy\" decoding=\"async\" width=\"300\" height=\"208\" src=\"https:\/\/pepr-cloud.fr\/files\/2024\/07\/inp-toulouse_inp_2022-300x208.png\" alt=\"\" class=\"wp-image-1187\" style=\"width:150px;height:104px\" srcset=\"https:\/\/pepr-cloud.fr\/files\/2024\/07\/inp-toulouse_inp_2022-300x208.png 300w, https:\/\/pepr-cloud.fr\/files\/2024\/07\/inp-toulouse_inp_2022-150x104.png 150w, https:\/\/pepr-cloud.fr\/files\/2024\/07\/inp-toulouse_inp_2022.png 507w\" sizes=\"auto, (max-width: 300px) 100vw, 300px\" \/><\/a><\/figure><\/div><\/div>\n\n\n\n<div class=\"wp-block-column is-layout-flow wp-block-column-is-layout-flow\"><div class=\"wp-block-image is-style-default\">\n<figure class=\"aligncenter size-medium is-resized\"><a href=\"https:\/\/www.insa-lyon.fr\/\"><img loading=\"lazy\" decoding=\"async\" width=\"300\" height=\"86\" src=\"https:\/\/pepr-cloud.fr\/files\/2024\/07\/INSA_Lyon_2014.svg_-300x86.png\" alt=\"\" class=\"wp-image-1189\" style=\"width:235px;height:75px\" srcset=\"https:\/\/pepr-cloud.fr\/files\/2024\/07\/INSA_Lyon_2014.svg_-300x86.png 300w, https:\/\/pepr-cloud.fr\/files\/2024\/07\/INSA_Lyon_2014.svg_-1024x294.png 1024w, https:\/\/pepr-cloud.fr\/files\/2024\/07\/INSA_Lyon_2014.svg_-768x221.png 768w, https:\/\/pepr-cloud.fr\/files\/2024\/07\/INSA_Lyon_2014.svg_-1536x441.png 1536w, https:\/\/pepr-cloud.fr\/files\/2024\/07\/INSA_Lyon_2014.svg_-2048x588.png 2048w, https:\/\/pepr-cloud.fr\/files\/2024\/07\/INSA_Lyon_2014.svg_-150x43.png 150w\" sizes=\"auto, (max-width: 300px) 100vw, 300px\" \/><\/a><\/figure><\/div><\/div>\n\n\n\n<div class=\"wp-block-column is-layout-flow wp-block-column-is-layout-flow\"><div class=\"wp-block-image is-style-default\">\n<figure class=\"aligncenter size-full\"><a href=\"https:\/\/www.ip-paris.fr\/\"><img loading=\"lazy\" decoding=\"async\" width=\"600\" height=\"163\" src=\"https:\/\/pepr-cloud.fr\/files\/2024\/07\/Institut_polytechnique_de_Paris.png\" alt=\"\" class=\"wp-image-900\" srcset=\"https:\/\/pepr-cloud.fr\/files\/2024\/07\/Institut_polytechnique_de_Paris.png 600w, https:\/\/pepr-cloud.fr\/files\/2024\/07\/Institut_polytechnique_de_Paris-300x82.png 300w, https:\/\/pepr-cloud.fr\/files\/2024\/07\/Institut_polytechnique_de_Paris-150x41.png 150w\" sizes=\"auto, (max-width: 600px) 100vw, 600px\" \/><\/a><\/figure><\/div><\/div>\n<\/div>\n<\/div>\n\n\n\n<div class=\"wp-block-column is-layout-flow wp-block-column-is-layout-flow\">\n<div class=\"wp-block-columns is-layout-flex wp-container-core-columns-is-layout-9d6595d7 wp-block-columns-is-layout-flex\">\n<div class=\"wp-block-column is-layout-flow wp-block-column-is-layout-flow\"><div class=\"wp-block-image is-style-default\">\n<figure class=\"aligncenter size-medium is-resized\"><a href=\"https:\/\/www.ird.fr\/\"><img loading=\"lazy\" decoding=\"async\" width=\"300\" height=\"247\" src=\"https:\/\/pepr-cloud.fr\/files\/2024\/07\/IRD_2016_BLOC_FR_COUL-300x247.png\" alt=\"\" class=\"wp-image-1193\" style=\"width:150px;height:124px\" srcset=\"https:\/\/pepr-cloud.fr\/files\/2024\/07\/IRD_2016_BLOC_FR_COUL-300x247.png 300w, https:\/\/pepr-cloud.fr\/files\/2024\/07\/IRD_2016_BLOC_FR_COUL-150x124.png 150w, https:\/\/pepr-cloud.fr\/files\/2024\/07\/IRD_2016_BLOC_FR_COUL.png 600w\" sizes=\"auto, (max-width: 300px) 100vw, 300px\" \/><\/a><\/figure><\/div><\/div>\n\n\n\n<div class=\"wp-block-column is-layout-flow wp-block-column-is-layout-flow\"><div class=\"wp-block-image is-style-default\">\n<figure class=\"aligncenter size-medium is-resized\"><a href=\"https:\/\/www.sorbonne-universite.fr\/\"><img loading=\"lazy\" decoding=\"async\" width=\"300\" height=\"121\" src=\"https:\/\/pepr-cloud.fr\/files\/2024\/07\/768px-Logo_of_Sorbonne_University.svg_-300x121.png\" alt=\"\" class=\"wp-image-859\" style=\"width:150px;height:61px\" srcset=\"https:\/\/pepr-cloud.fr\/files\/2024\/07\/768px-Logo_of_Sorbonne_University.svg_-300x121.png 300w, https:\/\/pepr-cloud.fr\/files\/2024\/07\/768px-Logo_of_Sorbonne_University.svg_-150x61.png 150w, https:\/\/pepr-cloud.fr\/files\/2024\/07\/768px-Logo_of_Sorbonne_University.svg_.png 768w\" sizes=\"auto, (max-width: 300px) 100vw, 300px\" \/><\/a><\/figure><\/div><\/div>\n\n\n\n<div class=\"wp-block-column is-layout-flow wp-block-column-is-layout-flow\"><div class=\"wp-block-image is-style-default\">\n<figure class=\"aligncenter size-medium is-resized\"><a href=\"https:\/\/www.telecom-sudparis.eu\/\"><img loading=\"lazy\" decoding=\"async\" width=\"300\" height=\"200\" src=\"https:\/\/pepr-cloud.fr\/files\/2024\/09\/Logo-Telecom-sud-Paris-300x200.jpg\" alt=\"\" class=\"wp-image-1885\" style=\"width:150px;height:100px\" srcset=\"https:\/\/pepr-cloud.fr\/files\/2024\/09\/Logo-Telecom-sud-Paris-300x200.jpg 300w, https:\/\/pepr-cloud.fr\/files\/2024\/09\/Logo-Telecom-sud-Paris-768x513.jpg 768w, https:\/\/pepr-cloud.fr\/files\/2024\/09\/Logo-Telecom-sud-Paris-150x100.jpg 150w, https:\/\/pepr-cloud.fr\/files\/2024\/09\/Logo-Telecom-sud-Paris.jpg 896w\" sizes=\"auto, (max-width: 300px) 100vw, 300px\" \/><\/a><\/figure><\/div><\/div>\n<\/div>\n<\/div>\n<\/div>\n\n\n\n<div class=\"wp-block-columns animate__animated animation-on-viewport viewport:fadeIn is-layout-flex wp-container-core-columns-is-layout-9d6595d7 wp-block-columns-is-layout-flex\">\n<div class=\"wp-block-column is-layout-flow wp-block-column-is-layout-flow\">\n<div class=\"wp-block-columns is-layout-flex wp-container-core-columns-is-layout-9d6595d7 wp-block-columns-is-layout-flex\">\n<div class=\"wp-block-column is-layout-flow wp-block-column-is-layout-flow\"><div class=\"wp-block-image is-style-default\">\n<figure class=\"aligncenter size-full\"><a href=\"https:\/\/www.univ-brest.fr\/fr\"><img loading=\"lazy\" decoding=\"async\" width=\"500\" height=\"213\" src=\"https:\/\/pepr-cloud.fr\/files\/2024\/07\/UBO.png\" alt=\"\" class=\"wp-image-1200\" srcset=\"https:\/\/pepr-cloud.fr\/files\/2024\/07\/UBO.png 500w, https:\/\/pepr-cloud.fr\/files\/2024\/07\/UBO-300x128.png 300w, https:\/\/pepr-cloud.fr\/files\/2024\/07\/UBO-150x64.png 150w\" sizes=\"auto, (max-width: 500px) 100vw, 500px\" \/><\/a><\/figure><\/div><\/div>\n\n\n\n<div class=\"wp-block-column is-layout-flow wp-block-column-is-layout-flow\"><div class=\"wp-block-image is-style-default\">\n<figure class=\"aligncenter size-full\"><a href=\"https:\/\/www.univ-ubs.fr\/fr\/index.html\"><img loading=\"lazy\" decoding=\"async\" width=\"212\" height=\"150\" src=\"https:\/\/pepr-cloud.fr\/files\/2024\/07\/UBS-LOGO-RVB-Fd-Transparent_150x212.png\" alt=\"\" class=\"wp-image-1161\" srcset=\"https:\/\/pepr-cloud.fr\/files\/2024\/07\/UBS-LOGO-RVB-Fd-Transparent_150x212.png 212w, https:\/\/pepr-cloud.fr\/files\/2024\/07\/UBS-LOGO-RVB-Fd-Transparent_150x212-150x106.png 150w\" sizes=\"auto, (max-width: 212px) 100vw, 212px\" \/><\/a><\/figure><\/div><\/div>\n\n\n\n<div class=\"wp-block-column is-layout-flow wp-block-column-is-layout-flow\"><div class=\"wp-block-image is-style-default\">\n<figure class=\"aligncenter size-large is-resized\"><a href=\"https:\/\/www.u-bordeaux.fr\/\"><img loading=\"lazy\" decoding=\"async\" width=\"1024\" height=\"358\" src=\"https:\/\/pepr-cloud.fr\/files\/2024\/07\/Universite_Bordeaux_Logo.svg_-1024x358.png\" alt=\"\" class=\"wp-image-1198\" style=\"width:256px;height:90px\" srcset=\"https:\/\/pepr-cloud.fr\/files\/2024\/07\/Universite_Bordeaux_Logo.svg_-1024x358.png 1024w, https:\/\/pepr-cloud.fr\/files\/2024\/07\/Universite_Bordeaux_Logo.svg_-300x105.png 300w, https:\/\/pepr-cloud.fr\/files\/2024\/07\/Universite_Bordeaux_Logo.svg_-768x269.png 768w, https:\/\/pepr-cloud.fr\/files\/2024\/07\/Universite_Bordeaux_Logo.svg_-150x53.png 150w, https:\/\/pepr-cloud.fr\/files\/2024\/07\/Universite_Bordeaux_Logo.svg_.png 1280w\" sizes=\"auto, (max-width: 1024px) 100vw, 1024px\" \/><\/a><\/figure><\/div><\/div>\n<\/div>\n<\/div>\n\n\n\n<div class=\"wp-block-column is-layout-flow wp-block-column-is-layout-flow\">\n<div class=\"wp-block-columns is-layout-flex wp-container-core-columns-is-layout-9d6595d7 wp-block-columns-is-layout-flex\">\n<div class=\"wp-block-column is-layout-flow wp-block-column-is-layout-flow\"><div class=\"wp-block-image is-style-default\">\n<figure class=\"aligncenter size-large\"><a href=\"https:\/\/univ-cotedazur.fr\/\"><img loading=\"lazy\" decoding=\"async\" width=\"1024\" height=\"261\" src=\"https:\/\/pepr-cloud.fr\/files\/2024\/07\/universite_cote_azur-1024x261.png\" alt=\"\" class=\"wp-image-1196\" srcset=\"https:\/\/pepr-cloud.fr\/files\/2024\/07\/universite_cote_azur-1024x261.png 1024w, https:\/\/pepr-cloud.fr\/files\/2024\/07\/universite_cote_azur-300x76.png 300w, https:\/\/pepr-cloud.fr\/files\/2024\/07\/universite_cote_azur-768x196.png 768w, https:\/\/pepr-cloud.fr\/files\/2024\/07\/universite_cote_azur-1536x392.png 1536w, https:\/\/pepr-cloud.fr\/files\/2024\/07\/universite_cote_azur-150x38.png 150w, https:\/\/pepr-cloud.fr\/files\/2024\/07\/universite_cote_azur.png 1561w\" sizes=\"auto, (max-width: 1024px) 100vw, 1024px\" \/><\/a><\/figure><\/div><\/div>\n\n\n\n<div class=\"wp-block-column is-layout-flow wp-block-column-is-layout-flow\"><div class=\"wp-block-image is-style-default\">\n<figure class=\"aligncenter size-large is-resized\"><a href=\"https:\/\/www.univ-grenoble-alpes.fr\/\"><img loading=\"lazy\" decoding=\"async\" width=\"1024\" height=\"628\" src=\"https:\/\/pepr-cloud.fr\/files\/2024\/07\/Logo_Universite_Grenoble_Alpes_2020.svg_-1024x628.png\" alt=\"\" class=\"wp-image-863\" style=\"width:112px;height:68px\" srcset=\"https:\/\/pepr-cloud.fr\/files\/2024\/07\/Logo_Universite_Grenoble_Alpes_2020.svg_-1024x628.png 1024w, https:\/\/pepr-cloud.fr\/files\/2024\/07\/Logo_Universite_Grenoble_Alpes_2020.svg_-300x184.png 300w, https:\/\/pepr-cloud.fr\/files\/2024\/07\/Logo_Universite_Grenoble_Alpes_2020.svg_-768x471.png 768w, https:\/\/pepr-cloud.fr\/files\/2024\/07\/Logo_Universite_Grenoble_Alpes_2020.svg_-1536x942.png 1536w, https:\/\/pepr-cloud.fr\/files\/2024\/07\/Logo_Universite_Grenoble_Alpes_2020.svg_-2048x1256.png 2048w, https:\/\/pepr-cloud.fr\/files\/2024\/07\/Logo_Universite_Grenoble_Alpes_2020.svg_-150x92.png 150w\" sizes=\"auto, (max-width: 1024px) 100vw, 1024px\" \/><\/a><\/figure><\/div><\/div>\n\n\n\n<div class=\"wp-block-column is-layout-flow wp-block-column-is-layout-flow\"><div class=\"wp-block-image is-style-default\">\n<figure class=\"aligncenter size-full\"><a href=\"https:\/\/www.univ-lille.fr\/\"><img loading=\"lazy\" decoding=\"async\" width=\"345\" height=\"146\" src=\"https:\/\/pepr-cloud.fr\/files\/2024\/07\/Logo-Univ-Lille.png\" alt=\"\" class=\"wp-image-862\" srcset=\"https:\/\/pepr-cloud.fr\/files\/2024\/07\/Logo-Univ-Lille.png 345w, https:\/\/pepr-cloud.fr\/files\/2024\/07\/Logo-Univ-Lille-300x127.png 300w, https:\/\/pepr-cloud.fr\/files\/2024\/07\/Logo-Univ-Lille-150x63.png 150w\" sizes=\"auto, (max-width: 345px) 100vw, 345px\" \/><\/a><\/figure><\/div><\/div>\n<\/div>\n<\/div>\n<\/div>\n\n\n\n<div class=\"wp-block-columns animate__animated animation-on-viewport viewport:fadeIn is-layout-flex wp-container-core-columns-is-layout-9d6595d7 wp-block-columns-is-layout-flex\">\n<div class=\"wp-block-column is-layout-flow wp-block-column-is-layout-flow\">\n<div class=\"wp-block-columns is-layout-flex wp-container-core-columns-is-layout-9d6595d7 wp-block-columns-is-layout-flex\">\n<div class=\"wp-block-column is-layout-flow wp-block-column-is-layout-flow\"><div class=\"wp-block-image is-style-default\">\n<figure class=\"aligncenter size-large\"><a href=\"https:\/\/www.univ-lorraine.fr\/\"><img loading=\"lazy\" decoding=\"async\" width=\"1024\" height=\"356\" src=\"https:\/\/pepr-cloud.fr\/files\/2024\/07\/Universite_de_Lorraine.svg_-1024x356.png\" alt=\"\" class=\"wp-image-901\" srcset=\"https:\/\/pepr-cloud.fr\/files\/2024\/07\/Universite_de_Lorraine.svg_-1024x356.png 1024w, https:\/\/pepr-cloud.fr\/files\/2024\/07\/Universite_de_Lorraine.svg_-300x104.png 300w, https:\/\/pepr-cloud.fr\/files\/2024\/07\/Universite_de_Lorraine.svg_-768x267.png 768w, https:\/\/pepr-cloud.fr\/files\/2024\/07\/Universite_de_Lorraine.svg_-1536x534.png 1536w, https:\/\/pepr-cloud.fr\/files\/2024\/07\/Universite_de_Lorraine.svg_-2048x712.png 2048w, https:\/\/pepr-cloud.fr\/files\/2024\/07\/Universite_de_Lorraine.svg_-150x52.png 150w\" sizes=\"auto, (max-width: 1024px) 100vw, 1024px\" \/><\/a><\/figure><\/div><\/div>\n\n\n\n<div class=\"wp-block-column is-layout-flow wp-block-column-is-layout-flow\"><div class=\"wp-block-image is-style-default\">\n<figure class=\"aligncenter size-full\"><a href=\"https:\/\/www.univ-lyon1.fr\/\"><img loading=\"lazy\" decoding=\"async\" width=\"512\" height=\"270\" src=\"https:\/\/pepr-cloud.fr\/files\/2024\/07\/Universite_de_Lyon.svg_.png\" alt=\"\" class=\"wp-image-1205\" srcset=\"https:\/\/pepr-cloud.fr\/files\/2024\/07\/Universite_de_Lyon.svg_.png 512w, https:\/\/pepr-cloud.fr\/files\/2024\/07\/Universite_de_Lyon.svg_-300x158.png 300w, https:\/\/pepr-cloud.fr\/files\/2024\/07\/Universite_de_Lyon.svg_-150x79.png 150w\" sizes=\"auto, (max-width: 512px) 100vw, 512px\" \/><\/a><\/figure><\/div><\/div>\n\n\n\n<div class=\"wp-block-column is-layout-flow wp-block-column-is-layout-flow\"><div class=\"wp-block-image is-style-default\">\n<figure class=\"aligncenter size-full\"><a href=\"https:\/\/www.univ-nantes.fr\/\"><img loading=\"lazy\" decoding=\"async\" width=\"681\" height=\"253\" src=\"https:\/\/pepr-cloud.fr\/files\/2024\/07\/Univ-NantesUniversite_Vecto.png\" alt=\"\" class=\"wp-image-1208\" srcset=\"https:\/\/pepr-cloud.fr\/files\/2024\/07\/Univ-NantesUniversite_Vecto.png 681w, https:\/\/pepr-cloud.fr\/files\/2024\/07\/Univ-NantesUniversite_Vecto-300x111.png 300w, https:\/\/pepr-cloud.fr\/files\/2024\/07\/Univ-NantesUniversite_Vecto-150x56.png 150w\" sizes=\"auto, (max-width: 681px) 100vw, 681px\" \/><\/a><\/figure><\/div><\/div>\n<\/div>\n<\/div>\n\n\n\n<div class=\"wp-block-column is-layout-flow wp-block-column-is-layout-flow\">\n<div class=\"wp-block-columns is-layout-flex wp-container-core-columns-is-layout-9d6595d7 wp-block-columns-is-layout-flex\">\n<div class=\"wp-block-column is-layout-flow wp-block-column-is-layout-flow\"><div class=\"wp-block-image is-style-default\">\n<figure class=\"aligncenter size-medium\"><a href=\"https:\/\/univ-cotedazur.fr\/\"><img loading=\"lazy\" decoding=\"async\" width=\"300\" height=\"194\" src=\"https:\/\/pepr-cloud.fr\/files\/2024\/07\/Universite_nice_sophia_antipolis-300x194.png\" alt=\"\" class=\"wp-image-1209\" srcset=\"https:\/\/pepr-cloud.fr\/files\/2024\/07\/Universite_nice_sophia_antipolis-300x194.png 300w, https:\/\/pepr-cloud.fr\/files\/2024\/07\/Universite_nice_sophia_antipolis-1024x661.png 1024w, https:\/\/pepr-cloud.fr\/files\/2024\/07\/Universite_nice_sophia_antipolis-768x496.png 768w, https:\/\/pepr-cloud.fr\/files\/2024\/07\/Universite_nice_sophia_antipolis-1536x992.png 1536w, https:\/\/pepr-cloud.fr\/files\/2024\/07\/Universite_nice_sophia_antipolis-2048x1323.png 2048w, https:\/\/pepr-cloud.fr\/files\/2024\/07\/Universite_nice_sophia_antipolis-150x97.png 150w\" sizes=\"auto, (max-width: 300px) 100vw, 300px\" \/><\/a><\/figure><\/div><\/div>\n\n\n\n<div class=\"wp-block-column is-layout-flow wp-block-column-is-layout-flow\"><div class=\"wp-block-image is-style-default\">\n<figure class=\"aligncenter size-large\"><a href=\"https:\/\/u-paris.fr\/\"><img loading=\"lazy\" decoding=\"async\" width=\"1024\" height=\"390\" src=\"https:\/\/pepr-cloud.fr\/files\/2024\/07\/UniversiteParisCite_logo_horizontal_couleur_RVB-1024x390.jpg\" alt=\"\" class=\"wp-image-1210\" srcset=\"https:\/\/pepr-cloud.fr\/files\/2024\/07\/UniversiteParisCite_logo_horizontal_couleur_RVB-1024x390.jpg 1024w, https:\/\/pepr-cloud.fr\/files\/2024\/07\/UniversiteParisCite_logo_horizontal_couleur_RVB-300x114.jpg 300w, https:\/\/pepr-cloud.fr\/files\/2024\/07\/UniversiteParisCite_logo_horizontal_couleur_RVB-768x293.jpg 768w, https:\/\/pepr-cloud.fr\/files\/2024\/07\/UniversiteParisCite_logo_horizontal_couleur_RVB-1536x586.jpg 1536w, https:\/\/pepr-cloud.fr\/files\/2024\/07\/UniversiteParisCite_logo_horizontal_couleur_RVB-150x57.jpg 150w, https:\/\/pepr-cloud.fr\/files\/2024\/07\/UniversiteParisCite_logo_horizontal_couleur_RVB.jpg 1836w\" sizes=\"auto, (max-width: 1024px) 100vw, 1024px\" \/><\/a><\/figure><\/div><\/div>\n\n\n\n<div class=\"wp-block-column is-layout-flow wp-block-column-is-layout-flow\"><div class=\"wp-block-image is-style-default\">\n<figure class=\"aligncenter size-full\"><a href=\"https:\/\/www.u-pec.fr\/\"><img loading=\"lazy\" decoding=\"async\" width=\"443\" height=\"188\" src=\"https:\/\/pepr-cloud.fr\/files\/2024\/07\/UPEC-logo.svg_.png\" alt=\"\" class=\"wp-image-1214\" srcset=\"https:\/\/pepr-cloud.fr\/files\/2024\/07\/UPEC-logo.svg_.png 443w, https:\/\/pepr-cloud.fr\/files\/2024\/07\/UPEC-logo.svg_-300x127.png 300w, https:\/\/pepr-cloud.fr\/files\/2024\/07\/UPEC-logo.svg_-150x64.png 150w\" sizes=\"auto, (max-width: 443px) 100vw, 443px\" \/><\/a><\/figure><\/div><\/div>\n<\/div>\n<\/div>\n<\/div>\n\n\n\n<div class=\"wp-block-columns animate__animated animation-on-viewport viewport:fadeIn is-layout-flex wp-container-core-columns-is-layout-9d6595d7 wp-block-columns-is-layout-flex\">\n<div class=\"wp-block-column is-layout-flow wp-block-column-is-layout-flow\">\n<div class=\"wp-block-columns is-layout-flex wp-container-core-columns-is-layout-9d6595d7 wp-block-columns-is-layout-flex\">\n<div class=\"wp-block-column is-layout-flow wp-block-column-is-layout-flow\"><div class=\"wp-block-image is-style-default\">\n<figure class=\"aligncenter size-large\"><a href=\"https:\/\/www.univ-rennes.fr\/\"><img loading=\"lazy\" decoding=\"async\" width=\"1024\" height=\"460\" src=\"https:\/\/pepr-cloud.fr\/files\/2024\/07\/UniversiteRennes_Apres-1024x460.png\" alt=\"\" class=\"wp-image-902\" srcset=\"https:\/\/pepr-cloud.fr\/files\/2024\/07\/UniversiteRennes_Apres-1024x460.png 1024w, https:\/\/pepr-cloud.fr\/files\/2024\/07\/UniversiteRennes_Apres-300x135.png 300w, https:\/\/pepr-cloud.fr\/files\/2024\/07\/UniversiteRennes_Apres-768x345.png 768w, https:\/\/pepr-cloud.fr\/files\/2024\/07\/UniversiteRennes_Apres-150x67.png 150w, https:\/\/pepr-cloud.fr\/files\/2024\/07\/UniversiteRennes_Apres.png 1181w\" sizes=\"auto, (max-width: 1024px) 100vw, 1024px\" \/><\/a><\/figure><\/div><\/div>\n\n\n\n<div class=\"wp-block-column is-layout-flow wp-block-column-is-layout-flow\"><div class=\"wp-block-image is-style-default\">\n<figure class=\"aligncenter size-large\"><a href=\"https:\/\/www.unistra.fr\/\"><img loading=\"lazy\" decoding=\"async\" width=\"1024\" height=\"388\" src=\"https:\/\/pepr-cloud.fr\/files\/2024\/07\/Universite_de_Strasbourg.svg_-1024x388.png\" alt=\"\" class=\"wp-image-1212\" srcset=\"https:\/\/pepr-cloud.fr\/files\/2024\/07\/Universite_de_Strasbourg.svg_-1024x388.png 1024w, https:\/\/pepr-cloud.fr\/files\/2024\/07\/Universite_de_Strasbourg.svg_-300x114.png 300w, https:\/\/pepr-cloud.fr\/files\/2024\/07\/Universite_de_Strasbourg.svg_-768x291.png 768w, https:\/\/pepr-cloud.fr\/files\/2024\/07\/Universite_de_Strasbourg.svg_-150x57.png 150w, https:\/\/pepr-cloud.fr\/files\/2024\/07\/Universite_de_Strasbourg.svg_.png 1280w\" sizes=\"auto, (max-width: 1024px) 100vw, 1024px\" \/><\/a><\/figure><\/div><\/div>\n\n\n\n<div class=\"wp-block-column is-layout-flow wp-block-column-is-layout-flow\"><div class=\"wp-block-image is-style-default\">\n<figure class=\"aligncenter size-full\"><a href=\"https:\/\/www.univ-toulouse.fr\/\"><img loading=\"lazy\" decoding=\"async\" width=\"512\" height=\"182\" src=\"https:\/\/pepr-cloud.fr\/files\/2024\/07\/Logo_universite_toulouse_2023.svg_.png\" alt=\"\" class=\"wp-image-1213\" srcset=\"https:\/\/pepr-cloud.fr\/files\/2024\/07\/Logo_universite_toulouse_2023.svg_.png 512w, https:\/\/pepr-cloud.fr\/files\/2024\/07\/Logo_universite_toulouse_2023.svg_-300x107.png 300w, https:\/\/pepr-cloud.fr\/files\/2024\/07\/Logo_universite_toulouse_2023.svg_-150x53.png 150w\" sizes=\"auto, (max-width: 512px) 100vw, 512px\" \/><\/a><\/figure><\/div><\/div>\n<\/div>\n<\/div>\n\n\n\n<div class=\"wp-block-column is-layout-flow wp-block-column-is-layout-flow\">\n<div class=\"wp-block-columns is-layout-flex wp-container-core-columns-is-layout-9d6595d7 wp-block-columns-is-layout-flex\">\n<div class=\"wp-block-column is-layout-flow wp-block-column-is-layout-flow\"><div class=\"wp-block-image is-style-default\">\n<figure class=\"aligncenter size-large\"><a href=\"https:\/\/www.uvsq.fr\/\"><img loading=\"lazy\" decoding=\"async\" width=\"1024\" height=\"391\" src=\"https:\/\/pepr-cloud.fr\/files\/2024\/07\/uvsq-logo-rvb-def-1024x391.jpg\" alt=\"\" class=\"wp-image-903\" srcset=\"https:\/\/pepr-cloud.fr\/files\/2024\/07\/uvsq-logo-rvb-def-1024x391.jpg 1024w, https:\/\/pepr-cloud.fr\/files\/2024\/07\/uvsq-logo-rvb-def-300x115.jpg 300w, https:\/\/pepr-cloud.fr\/files\/2024\/07\/uvsq-logo-rvb-def-768x293.jpg 768w, https:\/\/pepr-cloud.fr\/files\/2024\/07\/uvsq-logo-rvb-def-1536x587.jpg 1536w, https:\/\/pepr-cloud.fr\/files\/2024\/07\/uvsq-logo-rvb-def-150x57.jpg 150w, https:\/\/pepr-cloud.fr\/files\/2024\/07\/uvsq-logo-rvb-def.jpg 1859w\" sizes=\"auto, (max-width: 1024px) 100vw, 1024px\" \/><\/a><\/figure><\/div><\/div>\n\n\n\n<div class=\"wp-block-column is-layout-flow wp-block-column-is-layout-flow\"><\/div>\n\n\n\n<div class=\"wp-block-column is-layout-flow wp-block-column-is-layout-flow\"><\/div>\n<\/div>\n<\/div>\n<\/div>\n\n\n\n<p><\/p>","protected":false},"excerpt":{"rendered":"<p>Dans le cadre de la strat\u00e9gie nationale d\u2019acc\u00e9l\u00e9ration lanc\u00e9e par le gouvernement, le CEA et Inria, se sont vus confier en 2023 le pilotage du PEPR Cloud. Financ\u00e9 par France 2030 \u00e0 hauteur de 51 millions d&rsquo;euros sur 7 ans, ce PEPR a pour objectif de poursuivre et d\u2019intensifier l\u2019effort\u2026<\/p>\n<p> <a class=\"continue-reading-link\" href=\"https:\/\/pepr-cloud.fr\/fr\/le-pepr\/\"><span>Continuer la lecture<\/span><i class=\"crycon-right-dir\"><\/i><\/a> <\/p>\n","protected":false},"author":2468,"featured_media":0,"parent":0,"menu_order":0,"comment_status":"closed","ping_status":"closed","template":"","meta":{"_mc_calendar":[],"footnotes":""},"class_list":["post-1796","page","type-page","status-publish","hentry"],"_links":{"self":[{"href":"https:\/\/pepr-cloud.fr\/fr\/wp-json\/wp\/v2\/pages\/1796","targetHints":{"allow":["GET"]}}],"collection":[{"href":"https:\/\/pepr-cloud.fr\/fr\/wp-json\/wp\/v2\/pages"}],"about":[{"href":"https:\/\/pepr-cloud.fr\/fr\/wp-json\/wp\/v2\/types\/page"}],"author":[{"embeddable":true,"href":"https:\/\/pepr-cloud.fr\/fr\/wp-json\/wp\/v2\/users\/2468"}],"replies":[{"embeddable":true,"href":"https:\/\/pepr-cloud.fr\/fr\/wp-json\/wp\/v2\/comments?post=1796"}],"version-history":[{"count":157,"href":"https:\/\/pepr-cloud.fr\/fr\/wp-json\/wp\/v2\/pages\/1796\/revisions"}],"predecessor-version":[{"id":6210,"href":"https:\/\/pepr-cloud.fr\/fr\/wp-json\/wp\/v2\/pages\/1796\/revisions\/6210"}],"wp:attachment":[{"href":"https:\/\/pepr-cloud.fr\/fr\/wp-json\/wp\/v2\/media?parent=1796"}],"curies":[{"name":"wp","href":"https:\/\/api.w.org\/{rel}","templated":true}]}}